{"id":34577,"date":"2015-10-14T14:20:42","date_gmt":"2015-10-14T12:20:42","guid":{"rendered":"https:\/\/oxfordhousebcn.com\/?post_type=tribe_events&#038;p=34577"},"modified":"2016-11-17T14:51:33","modified_gmt":"2016-11-17T13:51:33","slug":"charity-day-2","status":"publish","type":"tribe_events","link":"https:\/\/oxfordhousebcn.com\/ca\/evento\/charity-day-2\/","title":{"rendered":"Charity Day"},"content":{"rendered":"<div>\n<a href=\"https:\/\/oxfordhousebcn.com\/wp-content\/uploads\/Charity-Day-WEB-BLOG-870x577-ENG.jpg\"><img loading=\"lazy\" src=\"https:\/\/oxfordhousebcn.com\/wp-content\/uploads\/Charity-Day-WEB-BLOG-870x577-ENG.jpg\" alt=\"Charity-Day-WEB-BLOG-870x577-ENG\" width=\"870\" height=\"577\" class=\"aligncenter size-full wp-image-35964\" srcset=\"https:\/\/oxfordhousebcn.com\/wp-content\/uploads\/Charity-Day-WEB-BLOG-870x577-ENG.jpg 870w, https:\/\/oxfordhousebcn.com\/wp-content\/uploads\/Charity-Day-WEB-BLOG-870x577-ENG-300x198.jpg 300w\" sizes=\"(max-width: 870px) 100vw, 870px\" \/><\/a><\/p>\n<p style=\"text-align: justify; font-size: 15px; color: black;\"><strong>El dissabte 26 de novembre t&#8217;esperem al nostre CHARITY DAY!<\/strong><\/p>\n<p>&nbsp;<\/p>\n<p style=\"text-align: justify; font-size: 15px; color: black;\">Aquest any celebrarem la 3\u00aa edici\u00f3 de l\u2019esdeveniment m\u00e9s filantr\u00f2pic d\u2019Oxford House, el nostre Charity Day. En aquesta jornada solid\u00e0ria podr\u00e0s gaudir de <strong>diverses activitats, jocs, bona m\u00fasica, barbacoa&#8230; i moltes sorpreses m\u00e9s!<\/strong> Mentre col\u2022labores amb la recaptaci\u00f3 de fons per a ONGs que necessiten de la nostra ajuda per continuar amb la seva honorable tasca.<br \/>\n&nbsp;<br \/>\nEn aquesta ocasi\u00f3, els benef\u00edcis \u00edntegres seran donats a organitzacions vinculades a la educaci\u00f3, motor vital de qualsevol societat, algunes de les associacions presents seran: <a href=\"https:\/\/dialegsdona.org\/\" title=\"Di\u00e0legs de Dona\" target=\"_blank\">Di\u00e0legs de Dona<\/a>, <a href=\"http:\/\/www.thephoenixprojects.org\/\" title=\"Fly the Phoneix Projects\" target=\"_blank\">Fly the Phoenix Projects<\/a>, <a href=\"http:\/\/www.salutmental.org\/\" title=\"Salut Mental Catalunya\" target=\"_blank\">Salut Mental Catalunya<\/a>, <a href=\"http:\/\/www.comtal.org\" title=\"Fundaci\u00f3 Comtal\" target=\"_blank\">Fundaci\u00f3 Comtal<\/a> i <a href=\"https:\/\/www.ayudaenaccion.org\/ong\" title=\"Ayuda en Acci\u00f3n\" target=\"_blank\">Ayuda en Acci\u00f3n.<\/a><\/p>\n<p>&nbsp;<\/p>\n<p style=\"text-align: justify; font-size: 15px; color: black;\"><strong>Ens veiem el dissabte 26 de novembre!<\/strong><\/p>\n<\/div>\n<div class=\"devider element_size_>\"><div style=\"margin-top:20px;margin-bottom:20px; \" class=\"divider1\"><\/div><\/div><div class=\"clear\"><\/div>\n<table style=\"font-size: 100%;\" border=\"0\" cellspacing=\"20\" cellpadding=\"100\">\n<tbody>\n<tr>\n<td width=\"192\"><a href=\"https:\/\/www.ayudaenaccion.org\/\" target=\"_blank\"><img loading=\"lazy\" src=\"https:\/\/oxfordhousebcn.com\/wp-content\/uploads\/Ayuda-en-accion-logo-150x150.png\" alt=\"Charity Day at Oxford House Barcelona\" width=\"150\" height=\"150\" class=\"alignleft size-full wp-image-35998\" \/><\/a><\/td>\n<td width=\"192\">\n<p style=\"text-align: justify; font-size: 15px; color: black;\">Ayuda en Acci\u00f3n<\/p>\n<\/td>\n<td width=\"600\">\n<p style=\"text-align: justify; font-size: 15px; color: black;\"><strong>Ayuda en Acci\u00f3n<\/strong> \u00e9s una organitzaci\u00f3 sense \u00e0nim de lucre que pret\u00e9n millorar les condicions de vida de nens i nenes, fam\u00edlies i comunitats als pa\u00efsos i regions m\u00e9s pobres, a trav\u00e9s de projectes auto-sostenibles de desenvolupament integral y activitats de sensibilitzaci\u00f3, amb la finalitat \u00faltima de propiciar canvis estructurals que contribueixin a l\u2019erradicaci\u00f3 de la pobresa.<\/p>\n<\/td>\n<\/tr>\n<tr>\n<td width=\"192\"><a href=\"http:\/\/www.comtal.org\" target=\"_blank\"><img loading=\"lazy\" src=\"https:\/\/oxfordhousebcn.com\/wp-content\/uploads\/FC-logo-150x150.png\" alt=\"Charity Day at Oxford House Barcelona\" width=\"150\" height=\"150\" class=\"alignleft size-full wp-image-36000\" \/><\/a><\/td>\n<td width=\"192\">\n<p style=\"text-align: justify; font-size: 15px; color: black;\">Fundaci\u00f3 Comtal<\/p>\n<\/td>\n<td width=\"600\">\n<p style=\"text-align: justify; font-size: 15px; color: black;\"><strong>La Fundaci\u00f3 Comtal<\/strong> es una organizaci\u00f3n no lucrativa que trabaja para que ni\u00f1os, adolescentes y j\u00f3venes en situaci\u00f3n de vulnerabilidad, as\u00ed como sus familias, tengan oportunidades de futuro.<\/p>\n<\/td>\n<\/tr>\n<tr>\n<td width=\"192\"><a href=\"https:\/\/dialegsdona.org\" target=\"_blank\"><img loading=\"lazy\" src=\"https:\/\/oxfordhousebcn.com\/wp-content\/uploads\/Dialegs-de-dona-150x150.png\" alt=\"Charity Day at Oxford House Barcelona\" width=\"150\" height=\"150\" class=\"alignleft size-full wp-image-35997\" \/><\/a><\/td>\n<td width=\"192\">\n<p style=\"text-align: justify; font-size: 15px; color: black;\">Di\u00e0legs de Dona<\/p>\n<\/td>\n<td width=\"600\">\n<p style=\"text-align: justify; font-size: 15px; color: black;\">L\u2019associaci\u00f3 intercultural <strong>Di\u00e0legs de Dona<\/strong> \u00e9s un espai de trobada i socialitzaci\u00f3 per a dones immigrants. Neix com a associaci\u00f3 sense \u00e0nim de lucre amb la voluntat de contribuir, a trav\u00e9s del di\u00e0leg intercultural en clau femenina, a la cohesi\u00f3 social del barri i la ciutat. <\/p>\n<\/td>\n<\/tr>\n<tr>\n<td width=\"192\"><a href=\"http:\/\/www.salutmental.org\/\" target=\"_blank\"><img loading=\"lazy\" src=\"https:\/\/oxfordhousebcn.com\/wp-content\/uploads\/SMC-Salut-Mental-150x150.png\" alt=\"SMC-Salut-Mental-150x150\" width=\"150\" height=\"150\" class=\"alignleft size-full wp-image-35999\" \/><\/a><\/td>\n<td width=\"192\">\n<p style=\"text-align: justify; font-size: 15px; color: black;\">Salut Mental Catalunya<\/p>\n<\/td>\n<td width=\"600\">\n<p style=\"text-align: justify; font-size: 15px; color: black;\"><strong>Salut Mental Catalunya<\/strong> \u00e9s l\u2019aposta per tal de fer m\u00e9s visible la salut mental i generar noves aliances i oportunitats que contribueixin a la millora de la qualitat de vida de les persones. Des de Salut Mental Catalunya es treballa per a la defensa dels drets, la sensibilitzaci\u00f3, la inserci\u00f3 social i laboral, la formaci\u00f3; de les persones i fam\u00edlies amb problemes de  salut mental<\/p>\n<\/td>\n<\/tr>\n<tr>\n<td width=\"192\"><a href=\"http:\/\/www.thephoenixprojects.org\/\" target=\"_blank\"><img loading=\"lazy\" src=\"https:\/\/oxfordhousebcn.com\/wp-content\/uploads\/Fly-the-phoenix-150x150.png\" alt=\"Charity Day at Oxford House Barcelona\" width=\"150\" height=\"150\" class=\"alignleft size-full wp-image-36001\" \/><\/a><\/td>\n<td width=\"192\">\n<p style=\"text-align: justify; font-size: 15px; color: black;\">The Phoenix Projects<\/p>\n<\/td>\n<td width=\"600\">\n<p style=\"text-align: justify; font-size: 15px; color: black;\"><strong>The Phoenix Projects<\/strong> \u00e9s una organitzaci\u00f3 sense \u00e0nim de lucre que creu que l\u2019educaci\u00f3, el menjar diari i les oportunitats de feina s\u00f3n drets humans b\u00e0sics per a aquells que viuen en extrema pobresa. \u00c9s una organitzaci\u00f3 no religiosa i no pol\u00edtica que es dedica al 100% a l\u2019educaci\u00f3 i ocupaci\u00f3 local.<\/p>\n<\/td>\n<\/tr>\n<\/tbody>\n<\/table>\n","protected":false},"excerpt":{"rendered":"<p>El dissabte 26 de novembre t&#8217;esperem al nostre CHARITY DAY! &nbsp; Aquest any celebrarem la 3\u00aa edici\u00f3 de l\u2019esdeveniment m\u00e9s filantr\u00f2pic d\u2019Oxford House, el nostre Charity Day. En aquesta jornada solid\u00e0ria podr\u00e0s gaudir de diverses activitats, jocs, bona m\u00fasica, barbacoa&#8230; i moltes sorpreses m\u00e9s! Mentre col\u2022labores amb la recaptaci\u00f3 de fons per a ONGs que [&hellip;]<\/p>\n","protected":false},"author":25,"featured_media":0,"comment_status":"closed","ping_status":"open","template":"","meta":{"_joinchat":[]},"tags":[],"tribe_events_cat":[],"_links":{"self":[{"href":"https:\/\/oxfordhousebcn.com\/ca\/wp-json\/wp\/v2\/tribe_events\/34577"}],"collection":[{"href":"https:\/\/oxfordhousebcn.com\/ca\/wp-json\/wp\/v2\/tribe_events"}],"about":[{"href":"https:\/\/oxfordhousebcn.com\/ca\/wp-json\/wp\/v2\/types\/tribe_events"}],"author":[{"embeddable":true,"href":"https:\/\/oxfordhousebcn.com\/ca\/wp-json\/wp\/v2\/users\/25"}],"replies":[{"embeddable":true,"href":"https:\/\/oxfordhousebcn.com\/ca\/wp-json\/wp\/v2\/comments?post=34577"}],"version-history":[{"count":2,"href":"https:\/\/oxfordhousebcn.com\/ca\/wp-json\/wp\/v2\/tribe_events\/34577\/revisions"}],"predecessor-version":[{"id":36002,"href":"https:\/\/oxfordhousebcn.com\/ca\/wp-json\/wp\/v2\/tribe_events\/34577\/revisions\/36002"}],"wp:attachment":[{"href":"https:\/\/oxfordhousebcn.com\/ca\/wp-json\/wp\/v2\/media?parent=34577"}],"wp:term":[{"taxonomy":"post_tag","embeddable":true,"href":"https:\/\/oxfordhousebcn.com\/ca\/wp-json\/wp\/v2\/tags?post=34577"},{"taxonomy":"tribe_events_cat","embeddable":true,"href":"https:\/\/oxfordhousebcn.com\/ca\/wp-json\/wp\/v2\/tribe_events_cat?post=34577"}],"curies":[{"name":"wp","href":"https:\/\/api.w.org\/{rel}","templated":true}]}}